{"id":8197,"date":"2025-10-30T10:48:29","date_gmt":"2025-10-30T10:48:29","guid":{"rendered":"https:\/\/dura.com\/about-b2b\/"},"modified":"2026-03-30T13:30:58","modified_gmt":"2026-03-30T13:30:58","slug":"about-b2b","status":"publish","type":"page","link":"https:\/\/dura.com\/fr\/about-b2b\/","title":{"rendered":"About B2B"},"content":{"rendered":"\t\t<div data-elementor-type=\"wp-page\" data-elementor-id=\"8197\" class=\"elementor elementor-8197 elementor-6909\" data-elementor-post-type=\"page\">\n\t\t\t\t<div class=\"elementor-element elementor-element-8314bb4 e-flex e-con-boxed e-con e-parent\" data-id=\"8314bb4\" data-element_type=\"container\" data-e-type=\"container\" data-settings=\"{&quot;background_background&quot;:&quot;classic&quot;}\">\n\t\t\t\t\t<div class=\"e-con-inner\">\n\t\t\t\t\t<\/div>\n\t\t\t\t<\/div>\n\t\t<div class=\"elementor-element elementor-element-5e6bed0 e-flex e-con-boxed e-con e-parent\" data-id=\"5e6bed0\" data-element_type=\"container\" data-e-type=\"container\">\n\t\t\t\t\t<div class=\"e-con-inner\">\n\t\t\t\t<div class=\"elementor-element elementor-element-e34af98 elementor-widget elementor-widget-heading\" data-id=\"e34af98\" data-element_type=\"widget\" data-e-type=\"widget\" data-widget_type=\"heading.default\">\n\t\t\t\t\t<h2 class=\"elementor-heading-title elementor-size-default\">\u00c0 PROPOS DE NOUS<\/h2>\t\t\t\t<\/div>\n\t\t\t\t<div class=\"elementor-element elementor-element-02d10be elementor-widget elementor-widget-text-editor\" data-id=\"02d10be\" data-element_type=\"widget\" data-e-type=\"widget\" data-widget_type=\"text-editor.default\">\n\t\t\t\t\t\t\t\t\t<p>Dura est un leader mondial dans la conception et la fabrication d&rsquo;ateliers professionnels, fi\u00e8rement fabriqu\u00e9s en Grande-Bretagne.<\/p><p>Fond\u00e9e en 1997 par le designer industriel Dominic Wishlade, Dura est n\u00e9e d&rsquo;une id\u00e9e audacieuse : transformer l&rsquo;atelier traditionnel en un espace de travail moderne, efficace et inspirant.<\/p><p>Depuis ses d\u00e9buts, Dura est devenue une marque mondialement reconnue, dont le si\u00e8ge social se situe \u00e0 Brackley, dans le Northamptonshire, et qui poss\u00e8de l&rsquo;un des sites de production les plus modernes du Royaume-Uni \u00e0 Plymouth, dans le Devon. Notre \u00e9quipe de concepteurs, d&rsquo;ing\u00e9nieurs et de sp\u00e9cialistes de la production collabore pour fournir des syst\u00e8mes de mobilier int\u00e9gr\u00e9s et modulaires adapt\u00e9s aux environnements commerciaux les plus exigeants. <\/p>\t\t\t\t\t\t\t\t<\/div>\n\t\t\t\t\t<\/div>\n\t\t\t\t<\/div>\n\t\t<div class=\"elementor-element elementor-element-0a91cb8 e-flex e-con-boxed e-con e-parent\" data-id=\"0a91cb8\" data-element_type=\"container\" data-e-type=\"container\">\n\t\t\t\t\t<div class=\"e-con-inner\">\n\t\t<div class=\"elementor-element elementor-element-5cd154f e-con-full e-flex e-con e-child\" data-id=\"5cd154f\" data-element_type=\"container\" data-e-type=\"container\">\n\t\t\t\t<div class=\"elementor-element elementor-element-8907772 elementor-widget elementor-widget-image\" data-id=\"8907772\" data-element_type=\"widget\" data-e-type=\"widget\" data-widget_type=\"image.default\">\n\t\t\t\t\t\t\t\t\t\t\t\t\t\t\t<img fetchpriority=\"high\" decoding=\"async\" width=\"1920\" height=\"1080\" src=\"https:\/\/dura.com\/wp-content\/uploads\/2025\/09\/about-img-one.jpg\" class=\"attachment-full size-full wp-image-8189\" alt=\"\" srcset=\"https:\/\/dura.com\/wp-content\/uploads\/2025\/09\/about-img-one.jpg 1920w, https:\/\/dura.com\/wp-content\/uploads\/2025\/09\/about-img-one-300x169.jpg 300w, https:\/\/dura.com\/wp-content\/uploads\/2025\/09\/about-img-one-1024x576.jpg 1024w, https:\/\/dura.com\/wp-content\/uploads\/2025\/09\/about-img-one-768x432.jpg 768w, https:\/\/dura.com\/wp-content\/uploads\/2025\/09\/about-img-one-1536x864.jpg 1536w, https:\/\/dura.com\/wp-content\/uploads\/2025\/09\/about-img-one-600x338.jpg 600w, https:\/\/dura.com\/wp-content\/uploads\/2025\/09\/about-img-one-64x36.jpg 64w\" sizes=\"(max-width: 1920px) 100vw, 1920px\" \/>\t\t\t\t\t\t\t\t\t\t\t\t\t\t\t<\/div>\n\t\t\t\t<div class=\"elementor-element elementor-element-0077fa0 elementor-widget elementor-widget-heading\" data-id=\"0077fa0\" data-element_type=\"widget\" data-e-type=\"widget\" data-widget_type=\"heading.default\">\n\t\t\t\t\t<h2 class=\"elementor-heading-title elementor-size-default\">Les armoires Dura sont pl\u00e9biscit\u00e9es par les plus grands professionnels.<\/h2>\t\t\t\t<\/div>\n\t\t\t\t<\/div>\n\t\t<div class=\"elementor-element elementor-element-f3125f4 e-con-full e-flex e-con e-child\" data-id=\"f3125f4\" data-element_type=\"container\" data-e-type=\"container\">\n\t\t\t\t<div class=\"elementor-element elementor-element-7f815d1 elementor-widget elementor-widget-image\" data-id=\"7f815d1\" data-element_type=\"widget\" data-e-type=\"widget\" data-widget_type=\"image.default\">\n\t\t\t\t\t\t\t\t\t\t\t\t\t\t\t<img decoding=\"async\" width=\"1920\" height=\"1080\" src=\"https:\/\/dura.com\/wp-content\/uploads\/2025\/09\/about-img-two.jpg\" class=\"attachment-full size-full wp-image-8190\" alt=\"\" srcset=\"https:\/\/dura.com\/wp-content\/uploads\/2025\/09\/about-img-two.jpg 1920w, https:\/\/dura.com\/wp-content\/uploads\/2025\/09\/about-img-two-300x169.jpg 300w, https:\/\/dura.com\/wp-content\/uploads\/2025\/09\/about-img-two-1024x576.jpg 1024w, https:\/\/dura.com\/wp-content\/uploads\/2025\/09\/about-img-two-768x432.jpg 768w, https:\/\/dura.com\/wp-content\/uploads\/2025\/09\/about-img-two-1536x864.jpg 1536w, https:\/\/dura.com\/wp-content\/uploads\/2025\/09\/about-img-two-600x338.jpg 600w, https:\/\/dura.com\/wp-content\/uploads\/2025\/09\/about-img-two-64x36.jpg 64w\" sizes=\"(max-width: 1920px) 100vw, 1920px\" \/>\t\t\t\t\t\t\t\t\t\t\t\t\t\t\t<\/div>\n\t\t\t\t<div class=\"elementor-element elementor-element-721dde3 elementor-widget elementor-widget-heading\" data-id=\"721dde3\" data-element_type=\"widget\" data-e-type=\"widget\" data-widget_type=\"heading.default\">\n\t\t\t\t\t<h2 class=\"elementor-heading-title elementor-size-default\">Dura Manufacturing \u2013 L'une des principales usines de formage d'acier du Royaume-Uni<\/h2>\t\t\t\t<\/div>\n\t\t\t\t<\/div>\n\t\t\t\t\t<\/div>\n\t\t\t\t<\/div>\n\t\t<div class=\"elementor-element elementor-element-3ea414d e-flex e-con-boxed e-con e-parent\" data-id=\"3ea414d\" data-element_type=\"container\" data-e-type=\"container\">\n\t\t\t\t\t<div class=\"e-con-inner\">\n\t\t\t\t<div class=\"elementor-element elementor-element-d81f282 elementor-widget elementor-widget-text-editor\" data-id=\"d81f282\" data-element_type=\"widget\" data-e-type=\"widget\" data-widget_type=\"text-editor.default\">\n\t\t\t\t\t\t\t\t\t<p>Dura a tr\u00e8s t\u00f4t constat\u00e9 que l&rsquo;atelier professionnel \u00e9tait souvent n\u00e9glig\u00e9 : \u00e9quipement disparate, ergonomie m\u00e9diocre et agencement inefficace. Notre syst\u00e8me de mobilier modulaire en acier a chang\u00e9 la donne, en int\u00e9grant chaque \u00e9l\u00e9ment, du rangement des outils \u00e0 la gestion des d\u00e9chets, en passant par les enrouleurs de fluides et les \u00e9quipements de diagnostic, dans une conception unique et coh\u00e9rente. <\/p><p>L\u2019impact fut imm\u00e9diat. Aston Martin fut le premier constructeur \u00e0 adopter ce concept \u00e0 l\u2019\u00e9chelle mondiale, bient\u00f4t suivi par Audi AG et d\u2019autres marques automobiles prestigieuses. Aujourd\u2019hui, les syst\u00e8mes Dura sont sp\u00e9cifi\u00e9s et recommand\u00e9s par la quasi-totalit\u00e9 des grands constructeurs automobiles haut de gamme, ainsi que par des clients de renom dans les secteurs industriel et a\u00e9rospatial.  <\/p><p>Exportant vers plus de 40 pays, dont le Japon et les \u00c9tats-Unis, Dura demeure la r\u00e9f\u00e9rence en mati\u00e8re de qualit\u00e9, d&rsquo;innovation et d&rsquo;int\u00e9grit\u00e9 du design. Notre passion reste intacte : allier l&rsquo;excellence de l&rsquo;ing\u00e9nierie britannique \u00e0 un engagement \u00e0 cr\u00e9er des espaces de travail qui inspirent productivit\u00e9, professionnalisme et fiert\u00e9. <\/p><p>Parall\u00e8lement \u00e0 notre activit\u00e9 dans le secteur commercial, Dura est \u00e9galement leader sur le march\u00e9 de la conception de garages r\u00e9sidentiels de luxe.<\/p><p>Nos installations sur mesure apportent la m\u00eame pr\u00e9cision d&rsquo;ing\u00e9nierie et la m\u00eame excellence en mati\u00e8re de conception que l&rsquo;on retrouve dans les meilleurs ateliers du monde, directement dans les foyers des passionn\u00e9s d&rsquo;automobile au Royaume-Uni et au-del\u00e0.<\/p>\t\t\t\t\t\t\t\t<\/div>\n\t\t\t\t\t<\/div>\n\t\t\t\t<\/div>\n\t\t<div class=\"elementor-element elementor-element-689e1fe e-flex e-con-boxed e-con e-parent\" data-id=\"689e1fe\" data-element_type=\"container\" data-e-type=\"container\">\n\t\t\t\t\t<div class=\"e-con-inner\">\n\t\t\t\t<div class=\"elementor-element elementor-element-f39291a elementor-widget-tablet__width-initial elementor-widget elementor-widget-gallery\" data-id=\"f39291a\" data-element_type=\"widget\" data-e-type=\"widget\" data-settings=\"{&quot;columns&quot;:6,&quot;gap&quot;:{&quot;unit&quot;:&quot;px&quot;,&quot;size&quot;:20,&quot;sizes&quot;:[]},&quot;columns_tablet&quot;:3,&quot;columns_mobile&quot;:3,&quot;gap_tablet&quot;:{&quot;unit&quot;:&quot;px&quot;,&quot;size&quot;:69,&quot;sizes&quot;:[]},&quot;gap_mobile&quot;:{&quot;unit&quot;:&quot;px&quot;,&quot;size&quot;:34,&quot;sizes&quot;:[]},&quot;lazyload&quot;:&quot;yes&quot;,&quot;gallery_layout&quot;:&quot;grid&quot;,&quot;aspect_ratio&quot;:&quot;3:2&quot;,&quot;content_hover_animation&quot;:&quot;fade-in&quot;}\" data-widget_type=\"gallery.default\">\n\t\t\t\t\t\t\t<div class=\"elementor-gallery__container\">\n\t\t\t\t\t\t\t<div class=\"e-gallery-item elementor-gallery-item elementor-animated-content\">\n\t\t\t\t\t<div class=\"e-gallery-image elementor-gallery-item__image\" data-thumbnail=\"https:\/\/dura.com\/wp-content\/uploads\/2025\/09\/Award_MIB_POS.svg\" data-width=\"141\" data-height=\"141\" aria-label=\"\" role=\"img\" ><\/div>\n\t\t\t\t\t\t\t\t\t\t\t\t\t\t<\/div>\n\t\t\t\t\t\t\t<div class=\"e-gallery-item elementor-gallery-item elementor-animated-content\">\n\t\t\t\t\t<div class=\"e-gallery-image elementor-gallery-item__image\" data-thumbnail=\"https:\/\/dura.com\/wp-content\/uploads\/2025\/09\/Award_Queen_POS.svg\" data-width=\"141\" data-height=\"141\" aria-label=\"\" role=\"img\" ><\/div>\n\t\t\t\t\t\t\t\t\t\t\t\t\t\t<\/div>\n\t\t\t\t\t\t\t<div class=\"e-gallery-item elementor-gallery-item elementor-animated-content\">\n\t\t\t\t\t<div class=\"e-gallery-image elementor-gallery-item__image\" data-thumbnail=\"https:\/\/dura.com\/wp-content\/uploads\/2025\/09\/Award_RedDot_POS.svg\" data-width=\"141\" data-height=\"141\" aria-label=\"\" role=\"img\" ><\/div>\n\t\t\t\t\t\t\t\t\t\t\t\t\t\t<\/div>\n\t\t\t\t\t\t\t<div class=\"e-gallery-item elementor-gallery-item elementor-animated-content\">\n\t\t\t\t\t<div class=\"e-gallery-image elementor-gallery-item__image\" data-thumbnail=\"https:\/\/dura.com\/wp-content\/uploads\/2025\/09\/Award_Serv1st_POS.svg\" data-width=\"141\" data-height=\"141\" aria-label=\"\" role=\"img\" ><\/div>\n\t\t\t\t\t\t\t\t\t\t\t\t\t\t<\/div>\n\t\t\t\t\t\t\t<div class=\"e-gallery-item elementor-gallery-item elementor-animated-content\">\n\t\t\t\t\t<div class=\"e-gallery-image elementor-gallery-item__image\" data-thumbnail=\"https:\/\/dura.com\/wp-content\/uploads\/2025\/09\/Award_ISO_POS.svg\" data-width=\"141\" data-height=\"141\" aria-label=\"\" role=\"img\" ><\/div>\n\t\t\t\t\t\t\t\t\t\t\t\t\t\t<\/div>\n\t\t\t\t\t\t\t<div class=\"e-gallery-item elementor-gallery-item elementor-animated-content\">\n\t\t\t\t\t<div class=\"e-gallery-image elementor-gallery-item__image\" data-thumbnail=\"https:\/\/dura.com\/wp-content\/uploads\/2025\/09\/Award_Axalta_POS.svg\" data-width=\"141\" data-height=\"141\" aria-label=\"\" role=\"img\" ><\/div>\n\t\t\t\t\t\t\t\t\t\t\t\t\t\t<\/div>\n\t\t\t\t\t<\/div>\n\t\t\t\t\t<\/div>\n\t\t\t\t\t<\/div>\n\t\t\t\t<\/div>\n\t\t<div class=\"elementor-element elementor-element-ef6ee5b e-flex e-con-boxed e-con e-parent\" data-id=\"ef6ee5b\" data-element_type=\"container\" data-e-type=\"container\" data-settings=\"{&quot;background_background&quot;:&quot;classic&quot;}\">\n\t\t\t\t\t<div class=\"e-con-inner\">\n\t\t\t\t<div class=\"elementor-element elementor-element-19ef5fa elementor-widget elementor-widget-heading\" data-id=\"19ef5fa\" data-element_type=\"widget\" data-e-type=\"widget\" data-widget_type=\"heading.default\">\n\t\t\t\t\t<h2 class=\"elementor-heading-title elementor-size-default\">En savoir plus<\/h2>\t\t\t\t<\/div>\n\t\t\t\t<div class=\"elementor-element elementor-element-d0f27e4 elementor-widget elementor-widget-heading\" data-id=\"d0f27e4\" data-element_type=\"widget\" data-e-type=\"widget\" data-widget_type=\"heading.default\">\n\t\t\t\t\t<span class=\"elementor-heading-title elementor-size-default\">Contactez notre \u00e9quipe pour obtenir plus d'informations sur notre mobilier et nos services d'atelier.<\/span>\t\t\t\t<\/div>\n\t\t\t\t<div class=\"elementor-element elementor-element-101b83b elementor-align-center elementor-widget elementor-widget-button\" data-id=\"101b83b\" data-element_type=\"widget\" data-e-type=\"widget\" data-widget_type=\"button.default\">\n\t\t\t\t\t\t\t\t\t\t<a class=\"elementor-button elementor-button-link elementor-size-sm\" href=\"https:\/\/dura.com\/fr\/entreprise\/contactez-nous\/\">\n\t\t\t\t\t\t<span class=\"elementor-button-content-wrapper\">\n\t\t\t\t\t\t\t\t\t<span class=\"elementor-button-text\">En savoir plus<\/span>\n\t\t\t\t\t<\/span>\n\t\t\t\t\t<\/a>\n\t\t\t\t\t\t\t\t<\/div>\n\t\t\t\t\t<\/div>\n\t\t\t\t<\/div>\n\t\t\t\t<\/div>\n\t\t","protected":false},"excerpt":{"rendered":"<p>\u00c0 PROPOS DE NOUS Dura est un leader mondial dans la conception et la fabrication d&rsquo;ateliers professionnels, fi\u00e8rement fabriqu\u00e9s en Grande-Bretagne. Fond\u00e9e en 1997 par le designer industriel Dominic Wishlade, Dura est n\u00e9e d&rsquo;une id\u00e9e audacieuse : transformer l&rsquo;atelier traditionnel en un espace de travail moderne, efficace et inspirant. Depuis ses d\u00e9buts, Dura est devenue [&hellip;]<\/p>\n","protected":false},"author":1,"featured_media":0,"parent":0,"menu_order":0,"comment_status":"closed","ping_status":"closed","template":"","meta":{"_acf_changed":false,"footnotes":""},"class_list":["post-8197","page","type-page","status-publish","hentry"],"acf":[],"_links":{"self":[{"href":"https:\/\/dura.com\/fr\/wp-json\/wp\/v2\/pages\/8197","targetHints":{"allow":["GET"]}}],"collection":[{"href":"https:\/\/dura.com\/fr\/wp-json\/wp\/v2\/pages"}],"about":[{"href":"https:\/\/dura.com\/fr\/wp-json\/wp\/v2\/types\/page"}],"author":[{"embeddable":true,"href":"https:\/\/dura.com\/fr\/wp-json\/wp\/v2\/users\/1"}],"replies":[{"embeddable":true,"href":"https:\/\/dura.com\/fr\/wp-json\/wp\/v2\/comments?post=8197"}],"version-history":[{"count":0,"href":"https:\/\/dura.com\/fr\/wp-json\/wp\/v2\/pages\/8197\/revisions"}],"wp:attachment":[{"href":"https:\/\/dura.com\/fr\/wp-json\/wp\/v2\/media?parent=8197"}],"curies":[{"name":"wp","href":"https:\/\/api.w.org\/{rel}","templated":true}]}}